{"id":102,"date":"2017-03-29T20:01:32","date_gmt":"2017-03-29T20:01:32","guid":{"rendered":"http:\/\/em.musique-treyvaux.ch\/?page_id=102"},"modified":"2024-09-29T17:21:44","modified_gmt":"2024-09-29T17:21:44","slug":"oganisation","status":"publish","type":"page","link":"https:\/\/em.musique-treyvaux.ch\/?page_id=102","title":{"rendered":"Organisation"},"content":{"rendered":"<div class=\"entry\">\n<p style=\"text-align: justify;\">L\u2019Ecole de musique a pour but de faire conna\u00eetre et aimer la musique aux jeunes enfants et de former des musiciennes et des musiciens pour la rel\u00e8ve de la Soci\u00e9t\u00e9 de musique de Treyvaux.<\/p>\n<p style=\"text-align: justify;\">L\u2019Ecole de musique est g\u00e9r\u00e9e par:<\/p>\n<ul>\n<li>Caroline Yerly<\/li>\n<li>Laetitia Monney<\/li>\n<li>Nicolas Papaux, directeur des cadets<\/li>\n<\/ul>\n<p>Pour nous contacter: caroyerly@bluewin.ch<\/p>\n<\/div>\n","protected":false},"excerpt":{"rendered":"<p>L\u2019Ecole de musique a pour but de faire conna\u00eetre et aimer la musique aux jeunes enfants et de former des musiciennes et des musiciens pour la rel\u00e8ve de la Soci\u00e9t\u00e9 de musique de Treyvaux. L\u2019Ecole de musique est g\u00e9r\u00e9e par: Caroline Yerly Laetitia Monney Nicolas Papaux, directeur des cadets Pour nous contacter: caroyerly@bluewin.ch<\/p>\n","protected":false},"author":2,"featured_media":0,"parent":0,"menu_order":0,"comment_status":"closed","ping_status":"closed","template":"","meta":{"footnotes":""},"class_list":["post-102","page","type-page","status-publish"],"_links":{"self":[{"href":"https:\/\/em.musique-treyvaux.ch\/index.php?rest_route=\/wp\/v2\/pages\/102","targetHints":{"allow":["GET"]}}],"collection":[{"href":"https:\/\/em.musique-treyvaux.ch\/index.php?rest_route=\/wp\/v2\/pages"}],"about":[{"href":"https:\/\/em.musique-treyvaux.ch\/index.php?rest_route=\/wp\/v2\/types\/page"}],"author":[{"embeddable":true,"href":"https:\/\/em.musique-treyvaux.ch\/index.php?rest_route=\/wp\/v2\/users\/2"}],"replies":[{"embeddable":true,"href":"https:\/\/em.musique-treyvaux.ch\/index.php?rest_route=%2Fwp%2Fv2%2Fcomments&post=102"}],"version-history":[{"count":15,"href":"https:\/\/em.musique-treyvaux.ch\/index.php?rest_route=\/wp\/v2\/pages\/102\/revisions"}],"predecessor-version":[{"id":385,"href":"https:\/\/em.musique-treyvaux.ch\/index.php?rest_route=\/wp\/v2\/pages\/102\/revisions\/385"}],"wp:attachment":[{"href":"https:\/\/em.musique-treyvaux.ch\/index.php?rest_route=%2Fwp%2Fv2%2Fmedia&parent=102"}],"curies":[{"name":"wp","href":"https:\/\/api.w.org\/{rel}","templated":true}]}}